{"id":20,"date":"2011-03-13T15:32:13","date_gmt":"2011-03-13T14:32:13","guid":{"rendered":"http:\/\/www.varietyjazz.be\/?page_id=20"},"modified":"2022-03-19T10:21:50","modified_gmt":"2022-03-19T09:21:50","slug":"historique","status":"publish","type":"page","link":"http:\/\/www.varietyjazz.be\/?page_id=20","title":{"rendered":"Historique"},"content":{"rendered":"<p><span style=\"text-decoration: underline;\"><strong>Le <em>Variety Jazz <\/em>a \u00e9t\u00e9 fond\u00e9 en 1985 \u00e0 Stockem pr\u00e8s d&rsquo;Arlon.<\/strong><\/span><\/p>\n<p>L&rsquo;id\u00e9e est venue de quelques musiciens de l&rsquo;harmonie \u00ab\u00a0La Stockemoise\u00a0\u00bb. Ils souhaitaient se tourner vers un autre style de musique que les traditionnels morceaux d&rsquo;harmonie et les morceaux Oberbayen qu&rsquo;ils jouaient lors d&rsquo;animation de soir\u00e9es dansantes. \u00a0 <span style=\"text-decoration: underline;\"><strong>Pourquoi le nom \u00ab\u00a0Variety Jazz\u00a0\u00bb ?<\/strong><\/span><\/p>\n<ul>\n<li>\u00ab\u00a0Jazz\u00a0\u00bb de par la composition de l&rsquo;orchestre, c&rsquo;est un big band et de par l&rsquo;essentiel du r\u00e9pertoire: le jazz.<\/li>\n<li>\u00ab\u00a0Variety\u00a0\u00bb car d&rsquo;autres morceaux de vari\u00e9t\u00e9 fran\u00e7aise et \u00e9trang\u00e8re sont \u00e9galement interpr\u00e9t\u00e9s avec, parfois, un accompagnement de chants.<\/li>\n<\/ul>\n<p><span style=\"text-decoration: underline;\"><strong>Activit\u00e9s \u2013 palmar\u00e8s.<\/strong><\/span><\/p>\n<p>Le <em>Variety Jazz<\/em> a pour but de promouvoir, \u00e0 un large public, le jazz \u201cdans tous ses \u00e9tats \u201d.<\/p>\n<p>Il couvre tous les horizons du jazz: de Duke Ellington \u00e0 Charlie Parker, de Glenn Miller \u00e0 Count Basie, du diexieland au jazz rock en passant par les rythmes sud-am\u00e9ricain.<\/p>\n<p>Pour \u00e9toffer son r\u00e9pertoire, il s\u2019est tourn\u00e9 \u00e9galement vers un r\u00e9pertoire de vari\u00e9t\u00e9, parfois accompagn\u00e9 de chants.<\/p>\n<p>L\u2019orchestre s\u2019est produit, \u00e0 plusieurs reprises, dans plusieurs pays de l\u2019Europe &#8211; Luxembourg, France, Allemagne et Hollande \u2013 exportant, ainsi, non seulement les couleurs nationales mais surtout le savoir musical belge en mati\u00e8re de big band.<\/p>\n<p>Il s\u2019est distingu\u00e9 dans plusieurs festivals : le Gaume jazz festival de Rossignol, Jazz behind the beach de Zandvoort en Hollande et le jazz festival \u00e0 Luxembourg. Tr\u00e8s souvent la presse a soulign\u00e9 l\u2019homog\u00e9n\u00e9it\u00e9 de l\u2019ensemble et sa qualit\u00e9 musicale. Les efforts fournis aux r\u00e9p\u00e9titions et durant les diff\u00e9rentes prestations ont permis d\u2019avoir une .\u2026ann\u00e9e 2004 exceptionnelle. Le palmar\u00e8s 2004 est en effet tr\u00e8s \u00e9loquent : pas moins de 15 prestations dont quatre dans la commune d\u2019Habay (semaine des mots, f\u00eate de la musique, animation du 21 juillet et soir\u00e9e musicale pour l\u2019\u00e9cole primaire de la communaut\u00e9), quatre au Grand Duch\u00e9 de Luxembourg, trois dans le cadre du \u00ab 60<sup>\u00e8me<\/sup> anniversaire de la lib\u00e9ration \u00bb : Bruxelles, Arlon et Bastogne, et enfin quatre animations diverses : concerts, inauguration, \u2026dans les diff\u00e9rents coins de la province de Luxembourg. C\u2019est une performance que l\u2019orchestre n\u2019a jamais connue depuis sa cr\u00e9ation.<\/p>\n<p><strong>Epinglons les \u00e9v\u00e8nements importants durant ces vingt ann\u00e9es:<\/strong><\/p>\n<ul>\n<li>10 f\u00e9vrier 1985: premier concert \u00e0 Stockem.<\/li>\n<li>Mars 1985: premi\u00e8re prestation \u00e0 l&rsquo;\u00e9tranger: en France, \u00e0 Metz.<\/li>\n<li>30 mars 1990: trenti\u00e8me anniversaire du Lion&rsquo;s Club d&rsquo;Arlon.<\/li>\n<li>4 mai 1991: participation \u00e0 la premi\u00e8re remise des \u00ab\u00a0Godefroids\u00a0\u00bb.<\/li>\n<li>15 d\u00e9cembre 1995: 10 i\u00e8me anniversaire du Variety \u00e0 la Maison de la Culture d&rsquo;Arlon.<\/li>\n<li>10 ao\u00fbt 1996: participation au festival \u00ab\u00a0Jazz behind the beach\u00a0\u00bb \u00e0 Zandvoort en Hollande.<\/li>\n<li>Ao\u00fbt 1996: participation au Gaume Jazz festival ave le groupe \u00a0\u00bb les Domino&rsquo;s\u00a0\u00bb.<\/li>\n<li>11 ao\u00fbt 1999: animation musicale \u00e0 Torgny lors de la derni\u00e8re \u00e9clipse du si\u00e8cle.<\/li>\n<li>1 janvier 200: concert lors des manifestations organis\u00e9es lors du passage \u00e0 l&rsquo;an 2000 \u00e0 Arlon.<\/li>\n<li>5 janvier 2001: 15 i\u00e8me anniversaire du Variety \u00e0 la maison de la culture d&rsquo;Arlon.<\/li>\n<li>4 mai 2002: Soir\u00e9e Brel \u00e0 Virton et passation de\u00a0\u00bb baguette\u00a0\u00bb de Yvon Magnette \u00e0 Daniel Godard. Changement \u00e9galement de Pr\u00e9sident, Olivier Chav\u00e9e succ\u00e8de \u00e0 Yvon Magnette.<\/li>\n<li>11 octobre 2002: pr\u00e9sentation du nouveau logo lors de l&rsquo;inauguration du nouvel espace du garage Beau-Site.<\/li>\n<li>19 novembre 2005: 20 i\u00e8me anniversaire \u00e0 la Maison de la Culture d&rsquo;Arlon.<\/li>\n<li>27 mars 2010: concert du 25\u00e8me anniversaire \u00e0 la Maison de la Culture d&rsquo;Arlon<\/li>\n<li>4 novembre 2012: reconnaissance de l&rsquo;orchestre dans les Tourn\u00e9es Art et Vie lors du concours organis\u00e9 par la F\u00e9d\u00e9ration Musicale Luxembourg Belge \u00e0 Chiny.<\/li>\n<li>27 f\u00e9vrier et 23 avril 2017: concerts du 30 \u00e8me anniversaire au Centre Culturel de Rossignol.<\/li>\n<li>10 d\u00e9cembre 2017: reconnaissance de l&rsquo;orchestre dans les Tourn\u00e9es Art et Vie lors du concours organis\u00e9 par la F\u00e9d\u00e9ration Musicale Luxembourg Belge organis\u00e9 \u00e0 Chiny.<\/li>\n<li>Et r\u00e9guli\u00e8rement, participation aux concerts d&rsquo;\u00e9t\u00e9 Place d&rsquo;Armes \u00e0 Luxembourg et place de l&rsquo;H\u00f4tel du Nord \u00e0 Arlon.<\/li>\n<li>Et bien d&rsquo;autres \u2026<\/li>\n<\/ul>\n<p><span style=\"text-decoration: underline;\"><strong>Chefs d\u2019orchestre :<\/strong><\/span><\/p>\n<ul>\n<li>Du 10 f\u00e9vrier 1985 au 4 mai 2002 : Yvon Magnette<\/li>\n<li>Du 4 mai 2002 jusqu&rsquo;en mai 2017: Daniel Godard<\/li>\n<li>depuis mai 2017: Benoit Bertin<\/li>\n<\/ul>\n<p><span style=\"text-decoration: underline;\"><strong>Pr\u00e9sidents :<\/strong><\/span><\/p>\n<ul>\n<li>Du 10 f\u00e9vrier 1985 jusqu\u2019en 1992 : Pierre Vasseur<\/li>\n<li>De 1992 au 4 mai 2002 : Yvon Magnette<\/li>\n<li>Du 4 mai 2002 jusqu&rsquo;en janvier 2014: Olivier Chav\u00e9e<\/li>\n<li>De janvier 2014 \u00e0 janvier 2018: Edith Goblet<\/li>\n<li>De janvier 2018 \u00e0 d\u00e9cembre 2021: Olivier Chav\u00e9e<\/li>\n<\/ul>\n<p><strong>Cessation<\/strong> :<\/p>\n<p>Le groupe a mis fin \u00e0 ses activit\u00e9s en Septembre 2021.<\/p>\n","protected":false},"excerpt":{"rendered":"<p>Le Variety Jazz a \u00e9t\u00e9 fond\u00e9 en 1985 \u00e0 Stockem pr\u00e8s d&rsquo;Arlon. L&rsquo;id\u00e9e est venue de quelques musiciens de l&rsquo;harmonie \u00ab\u00a0La Stockemoise\u00a0\u00bb. Ils souhaitaient se tourner vers un autre style de musique que les traditionnels morceaux d&rsquo;harmonie et les morceaux &hellip; <a href=\"http:\/\/www.varietyjazz.be\/?page_id=20\">Continue reading <span class=\"meta-nav\">&rarr;<\/span><\/a><\/p>\n","protected":false},"author":1,"featured_media":0,"parent":0,"menu_order":300,"comment_status":"closed","ping_status":"closed","template":"","meta":{"footnotes":""},"class_list":["post-20","page","type-page","status-publish","hentry"],"_links":{"self":[{"href":"http:\/\/www.varietyjazz.be\/index.php?rest_route=\/wp\/v2\/pages\/20","targetHints":{"allow":["GET"]}}],"collection":[{"href":"http:\/\/www.varietyjazz.be\/index.php?rest_route=\/wp\/v2\/pages"}],"about":[{"href":"http:\/\/www.varietyjazz.be\/index.php?rest_route=\/wp\/v2\/types\/page"}],"author":[{"embeddable":true,"href":"http:\/\/www.varietyjazz.be\/index.php?rest_route=\/wp\/v2\/users\/1"}],"replies":[{"embeddable":true,"href":"http:\/\/www.varietyjazz.be\/index.php?rest_route=%2Fwp%2Fv2%2Fcomments&post=20"}],"version-history":[{"count":9,"href":"http:\/\/www.varietyjazz.be\/index.php?rest_route=\/wp\/v2\/pages\/20\/revisions"}],"predecessor-version":[{"id":3094,"href":"http:\/\/www.varietyjazz.be\/index.php?rest_route=\/wp\/v2\/pages\/20\/revisions\/3094"}],"wp:attachment":[{"href":"http:\/\/www.varietyjazz.be\/index.php?rest_route=%2Fwp%2Fv2%2Fmedia&parent=20"}],"curies":[{"name":"wp","href":"https:\/\/api.w.org\/{rel}","templated":true}]}}